{"id":23056,"date":"2023-12-17T16:45:21","date_gmt":"2023-12-17T15:45:21","guid":{"rendered":"https:\/\/rentexpressmallorca.com\/terminos-y-condiciones\/"},"modified":"2025-12-10T17:48:37","modified_gmt":"2025-12-10T16:48:37","slug":"terminos-y-condiciones","status":"publish","type":"page","link":"https:\/\/rentexpressmallorca.com\/fr\/terminos-y-condiciones\/","title":{"rendered":"Terminos y condiciones"},"content":{"rendered":"\t\t<div data-elementor-type=\"wp-page\" data-elementor-id=\"23056\" class=\"elementor elementor-23056 elementor-23023\" data-elementor-post-type=\"page\">\n\t\t\t\t<div class=\"elementor-element elementor-element-55f3b07 e-flex e-con-boxed e-con e-parent\" data-id=\"55f3b07\" data-element_type=\"container\" data-settings=\"{&quot;content_width&quot;:&quot;boxed&quot;}\" data-core-v316-plus=\"true\">\n\t\t\t\t\t<div class=\"e-con-inner\">\n\t\t\t\t<div class=\"elementor-element elementor-element-f718193 elementor-widget elementor-widget-text-editor\" data-id=\"f718193\" data-element_type=\"widget\" data-widget_type=\"text-editor.default\">\n\t\t\t\t<div class=\"elementor-widget-container\">\n\t\t\t<style>\/*! elementor - v3.19.0 - 05-02-2024 *\/\n.elementor-widget-text-editor.elementor-drop-cap-view-stacked .elementor-drop-cap{background-color:#69727d;color:#fff}.elementor-widget-text-editor.elementor-drop-cap-view-framed .elementor-drop-cap{color:#69727d;border:3px solid;background-color:transparent}.elementor-widget-text-editor:not(.elementor-drop-cap-view-default) .elementor-drop-cap{margin-top:8px}.elementor-widget-text-editor:not(.elementor-drop-cap-view-default) .elementor-drop-cap-letter{width:1em;height:1em}.elementor-widget-text-editor .elementor-drop-cap{float:left;text-align:center;line-height:1;font-size:50px}.elementor-widget-text-editor .elementor-drop-cap-letter{display:inline-block}<\/style>\t\t\t\t<p>El sitio web\u00a0<a href=\"https:\/\/rentexpressmallorca.com\/\" target=\"_blank\" rel=\"noopener\" data-saferedirecturl=\"https:\/\/www.google.com\/url?q=https:\/\/rentexpressmallorca.com\/&amp;source=gmail&amp;ust=1702914263811000&amp;usg=AOvVaw39xQQQGSHBBs-UH8J215sG\">Rent Express Mallorca<\/a>\u00a0 alquiler de art\u00edculos variados, alquiler de equipamientos para personas con movilidad reducida, coches y motos en Mallorca (en adelante, el \u201cSitio Web\u201d) es propiedad de la empresa <strong>ADE ELEVATION S.L<\/strong>.<strong>U<\/strong><\/p><p><strong>ADE ELEVATION S.L.U<\/strong>\u00a0garantiza la protecci\u00f3n de todos los datos de car\u00e1cter personal que el Usuario proporcione en el Sitio Web y, en cumplimiento de lo dispuesto en la Ley Org\u00e1nica 15\/1999, de 13 de diciembre de Protecci\u00f3n de Datos de Car\u00e1cter Personal, en el Real Decreto 1720\/2007 de 21 de diciembre y restante normativa de aplicaci\u00f3n, le informa que:<\/p><p>a) Todos los datos de car\u00e1cter personal facilitados a trav\u00e9s del Sitio Web quedar\u00e1n incorporados en los ficheros \u201cClientes\u201d, todos ellos creados y mantenidos bajo la responsabilidad de\u00a0<strong>ADE ELEVATION S.L.U<\/strong>, debidamente protegidos y registrados en la Agencia Espa\u00f1ola de Protecci\u00f3n de Datos.<\/p><p>b) Sus datos personales son recabados con las siguientes finalidades:<\/p><p>&#8211; Gestionar las solicitudes de alquiler de motos, coches, accesorios para el hogar, materiales para familias en viaje, bicicletas, art\u00edculos\u00a0ortop\u00e9dicos, alquiler de patinetes, ciclomotores, quads, televisores, aires acondicionados, neveras&#8230;<\/p><p>&#8211; Tramitar los pagos a trav\u00e9s de la Tienda Online del propio Sitio Web.<\/p><p>&#8211; Enviar a los interesados el Newsletter con noticias de actualidad y ofertas relacionadas con los servicios prestados.<\/p><p>&#8211; Facilitar informaci\u00f3n a los usuarios sobre los productos y servicios comercializados por la empresa.<\/p><p>&#8211; Recibir los Curriculum Vitae de los solicitantes para administrar la bolsa de empleo de\u00a0<strong>ADE ELEVATION S.L.U<\/strong><\/p><p>&#8211; Resolver reclamaciones o consultas a trav\u00e9s de canales habilitados al efecto: Formulario de Contacto, Chat Online, email y tel\u00e9fono de atenci\u00f3n al cliente.<\/p><p>&#8211; Facilitar a los usuarios informaci\u00f3n comercial sobre ofertas y promociones lanzadas por\u00a0<strong>ADE ELEVATION S.L.U<\/strong>, que puedan resultar de su inter\u00e9s.<\/p><p>c) En la recogida y el tratamiento de los datos de car\u00e1cter personal se han adoptado las medidas de seguridad adecuadas para evitar la p\u00e9rdida, el acceso no autorizado o la manipulaci\u00f3n de los mismos, de acuerdo con lo establecido en el Real Decreto 1720\/2007, de 21 de diciembre.<\/p><p>d)\u00a0<strong>ADE ELEVATION S.L<\/strong>.<strong>U<\/strong>\u00a0se compromete a proteger la informaci\u00f3n confidencial a la que tenga acceso, implantando las medidas de seguridad t\u00e9cnicas y organizativas que establece la normativa de protecci\u00f3n de datos, en funci\u00f3n del tipo de datos tratados en cada caso.<\/p><p>e)\u00a0<strong>ADE ELEVATION S.L.U<\/strong>\u00a0no emplear\u00e1 en ning\u00fan caso los datos de car\u00e1cter personal que el Usuario\/Cliente ponga a su disposici\u00f3n para prestar servicios distintos a los referidos en el apartado b) del presente documento o, en su caso, para lograr una utilidad propia o distinta a la autorizada por el titular de dichos datos.<\/p><p>f) El usuario queda informado y consiente el hecho de que para la prestaci\u00f3n de ciertos servicios (reserva de billetes, entradas, excursiones, visitas guiadas), y solo en aquellos casos en los que sea estrictamente necesario, su informaci\u00f3n de car\u00e1cter personal podr\u00e1 ser cedida a terceras empresas colaboradoras de\u00a0<strong>ADE ELEVATION S.L.U<\/strong>, ubicadas tanto en Espa\u00f1a como en otros pa\u00edses, lo cual conoce y consiente a trav\u00e9s de la lectura y aceptaci\u00f3n de las presentes Condiciones Generales. Dicha cesi\u00f3n de datos se llevar\u00e1 a cabo bajo estricto cumplimiento de lo establecido en la normativa vigente en materia de Protecci\u00f3n de Datos. A partir de que se produzca la cesi\u00f3n dichas empresas pasar\u00e1n a ser Responsables del Tratamiento que realicen de sus datos, por lo que cualquier reclamaci\u00f3n tendr\u00e1 que ser dirigida directamente a ellos.<\/p><p>g) Aparte de lo anterior, no se prev\u00e9n otras cesiones de datos, m\u00e1s que aquellas legalmente establecidas por otras legislaciones o administraciones p\u00fablicas competentes.<\/p><p>h) Cuando el usuario decida acceder a nuestros perfiles sociales corporativos le informamos que\u00a0<strong>ADE ELEVATION S.L.U<\/strong>\u00a0se compromete a guardar la m\u00e1xima reserva, confidencialidad y secreto sobre la informaci\u00f3n privada y personal a la que podamos tener acceso. Los datos personales, im\u00e1genes, v\u00eddeos, contenidos e informaci\u00f3n de cualquier tipo de nuestros \u201camigos o seguidores\u201d ser\u00e1n tratados de acuerdo con los principios legales establecidos en materia de Privacidad, Honor, Intimidad, Protecci\u00f3n de Datos Personales, Seguridad de la Informaci\u00f3n, Derechos de Im\u00e1gen, Propiedad Intelectual Protecci\u00f3n de Consumidores y Usuarios, y resto de normativa aplicable en cada caso.<\/p><p>i) El usuario certifica que es mayor de 14 a\u00f1os para acceder a los servicios prestados a trav\u00e9s de este Sitio Web y que por lo tanto posee la capacidad legal necesaria para la prestaci\u00f3n del consentimiento en cuanto al tratamiento de sus datos de car\u00e1cter personal y todo ello, de conformidad con lo establecido en la presente Pol\u00edtica de Privacidad.<\/p><p>j) El usuario puede, en todo momento, ejercitar los derechos de acceso, rectificaci\u00f3n, cancelaci\u00f3n, oposici\u00f3n o revocaci\u00f3n del consentimiento otorgado sobre el tratamiento de sus datos personales, enviando a\u00a0<strong>ADE ELEVATION S.L<\/strong>.<strong>U<\/strong>\u00a0carta debidamente firmada a nuestra direcci\u00f3n postal, antes indicada, donde consten claramente sus datos de contacto, a la cual deber\u00e1 acompa\u00f1ar fotocopia de su DNI\/NIF o documento que acredite su identidad o bien podr\u00e1 remitir a la siguiente direcci\u00f3n de correo electr\u00f3nico:\u00a0<a href=\"mailto:ade.elevation@gmail.com\" target=\"_blank\" rel=\"noreferrer noopener\">ade.elevation@gmail.com<\/a>\u00a0<\/p><p>k) El usuario autoriza y consiente el tratamiento que recibir\u00e1n sus datos personales en los t\u00e9rminos indicados anteriormente, marcando la casilla de aceptaci\u00f3n que se encuentra al finalizar cada formulario de recogida de datos disponible a trav\u00e9s del Sitio Web.\u00a0<\/p><p>L\/ Las im\u00e1genes en la p\u00e1gina\u00a0web son puramente comercial y la empresa se reserva el derecho en entregar un material similar a la imagen en la p\u00e1gina\u00a0web<\/p><p>M\/ Las cancelaciones se devuelven si se cancelan con un m\u00e1ximo de 48 horas, no se aceptaran las cancelaciones v\u00eda telef\u00f3nica el cliente tiene un plazo de 48 horas m\u00e1ximo enviando un mail a nuestro contacto:\u00a0<a href=\"mailto:ade.elevation@gmail.com\" target=\"_blank\" rel=\"noopener\">ade.elevation@gmail.com<\/a><\/p><p>Pasado 48 horas no se devuelve ning\u00fan importe, no se podr\u00e1 utilizar el veh\u00edculo en otras fechas que las contratadas.<\/p><p>Horario de lunes a viernes de 09h30 a 19h00 s\u00e1bados 10h a 19h y domingos 10h30 a 13h00h los domingos solo abrimos en los meses de verano fuera del horario comercial no se atiende.<\/p><p><strong>Condiciones generales de alquiler<\/strong><\/p><p><strong>\u00a0\u00a0\u00a0\u00a0\u00a0\u00a0 1. UTILIZACI\u00d3N Y ESTADO DE LOS MATERIALES Y VEH\u00cdCULOS.<\/strong><\/p><p>1.1 El cliente recibe el veh\u00edculo o el material descrito en la p\u00e1gina del contrato, en perfectas condiciones de funcionamiento, limpieza, y buen funcionamiento para los coches de alquiler con sus documentos, neum\u00e1ticos revisados y se compromete a conservarlos y conducir el veh\u00edculo cumpliendo las normas del C\u00f3digo de circulaci\u00f3n con la informaci\u00f3n y verificaci\u00f3n del estado de los materiales o del veh\u00edculo a la entrega en el contrato como prueba de aceptaci\u00f3n del estado a la entrega. La firma del contrato de alquiler implica la aceptaci\u00f3n por parte del cliente del listado de accesorios presentes en el veh\u00edculo y de la descripci\u00f3n de da\u00f1os incluidos en el apartado del contrato. Cualquier da\u00f1o no marcado o estipulado por escrito en el contrato al inicio del alquiler ser\u00e1 considerado como nuevo da\u00f1o y ser\u00e1 imputable al titular del contrato.<\/p><ul><li><p>No reparar el veh\u00edculo sin previa autorizaci\u00f3n de Ade Elevation SLU.<\/p><\/li><li><p>No reconocer o prejuzgar la responsabilidad del hecho.<\/p><\/li><li><p>No abandonar el veh\u00edculo alquilado y permanecer junto al mismo hasta la llegada del servicio de gr\u00faa.<\/p><\/li><\/ul><p>1.2 Los da\u00f1os provocados en el veh\u00edculo o en los materiales alquilados como asiento auto, bicicletas, u otros tipo de vehiculo electricos o como los de personas con movilidad reducida, sillas de ruedas deber\u00e1n ser abonados por el cliente de una cantidad en funci\u00f3n del da\u00f1o rotura p\u00e9rdida o suciedad en concepto de coste por reposici\u00f3n de cada elemento da\u00f1ados, robados, extraviados o en caso de extrema suciedad se cobrara la limpieza. Queda expresamente prohibido variar cualquier caracter\u00edstica t\u00e9cnica de los materiales o del veh\u00edculo, el equipamiento, las herramientas y\/o accesorios del veh\u00edculo, as\u00ed como efectuar cualquier modificaci\u00f3n de su aspecto exterior y\/o interior.<\/p><p>1.3 En alquiler de veh\u00edculos s\u00f3lo se autoriza a conducir la persona identificada y aceptada por Ade Elevation S.L.U en el contrato de alquiler o cualquier anexo al mismo con la condici\u00f3n que hayan cumplido 21 a\u00f1os y con licencia de conducir en vigor en la UE.<\/p><p>1.4 No se aceptar\u00e1n permisos de conducir en formato digital o electr\u00f3nico para el alquiler de coches.<\/p><p>1.5 No est\u00e1 permitido bajo ning\u00fan concepto salir de Mallorca ni el transporte de veh\u00edculos o scooters a bordo de cualquier tipo de barco, tren, cami\u00f3n o avi\u00f3n de nuestra flota.<\/p><p>1.6 Est\u00e1 prohibido salir del territorio de la isla de Mallorca con el veh\u00edculo o material alquilado.<\/p><p>1.7 Los perjuicios de toda \u00edndole que pudiera sufrir Ade Elevation S.L.U por el incumplimiento de las condiciones recogidas en el presente articulo y\/o por uso diferente del pactado por parte del Cliente, autoriza Ade Elevation S.L.U a retirar el veh\u00edculo al Cliente y a facturar y cobrar a \u00e9ste las cantidades debidamente justificadas correspondientes a la reparaci\u00f3n u otros gastos derivados de dichos perjuicios.<\/p><p>1.8 En caso de robo o p\u00e9rdida del veh\u00edculo el Cliente tiene obligaci\u00f3n de presentar las llaves del veh\u00edculo y la denuncia de robo correspondiente, en un plazo m\u00e1ximo de 24 horas y en caso contrario se cobrar\u00e1 el importe \u00edntegro del veh\u00edculo.<\/p><p>\u00a0\u00a0\u00a0\u00a0\u00a0\u00a0\u00a0<strong>2. PRECIO, DURACI\u00d3N, PR\u00d3RROGA DEL ALQUILER.<\/strong><\/p><p>2.1 El precio del alquiler es el expresado en el contrato de alquiler y est\u00e1 establecido en funci\u00f3n de la Tarifa General Vigente ( en lo referente a servicios, impuestos y tasas) y el precio inicial pactado con el Cliente en el momento de realizarse el alquiler, seg\u00fan la tarifa seleccionada.<\/p><p>2.2\u00a0 Se acepta las fianzas en efectivo \u00fanicamente para las recogidas en tiendas y aeropuerto y se aplica\u00a0 \u00fanicamente para el alquiler de materiales, no para los coches ni otro tipo de veh\u00edculos, para los veh\u00edculos la fianza se tramitar\u00e1 \u00fanicamente por tarjeta bancaria y se desbloquea autom\u00e1ticamente con la duraci\u00f3n que emite el propio banco, siempre cuando Ade Elevation S.L.U constate que no existe concepto alguno para deducir del mismo por otros conceptos en virtud de lo dispuesto en las presentes Condiciones Generales. Despu\u00e9s de la correcta devoluci\u00f3n del veh\u00edculo, Ade Elevation Slu no puede desbloquear la fianza, ser\u00e1 el propio banco emisor el encargado de desbloquear el importe retenido.<\/p><p>2.4 La fianza se realiza con un bloqueo de la cantidad en funci\u00f3n del material o veh\u00edculo\u00a0alquilado que se les ser\u00e1n desbloqueados autom\u00e1ticamente en un plazo aproximativo de 2\/4 semanas, seg\u00fan las condiciones que usted tenga con su banco puede tardar varios dias m\u00e1s. En caso de da\u00f1os se le cobrar\u00e1 el importe de los da\u00f1os ocasionados y su posterior montaje.\u00a0<\/p><p>2.5 En ning\u00fan caso la fianza abonada al inicio del alquiler podr\u00e1 servir para una prolongaci\u00f3n del mismo. En el caso de que el cliente quisiera conservar el veh\u00edculo por tiempo superior al pactado inicialmente, \u00e9ste se compromete a obtener previamente autorizaci\u00f3n expresa de Ade Elevation y a pagar de inmediato el importe adicional para dicha prolongaci\u00f3n, en caso contrario no poder cobrar por tarjeta bancaria por negarse o por cualquier otro motivo de no pagar la pr\u00f3rroga ser\u00e1 obligatorio devolver el vehiculo o se denunciara a las autoridades.<\/p><p>2.6 El Cliente se compromete a devolver el veh\u00edculo a Ade Elevation S.L.U en la fecha y hora prevista y en la tienda de Ade Elevation S.L.U o en lugar pactado en el contrato de alquiler. No se efectuar\u00e1 devoluci\u00f3n de dinero si el veh\u00edculo se devuelve antes del plazo estipulado en el contrato. La devoluci\u00f3n del veh\u00edculo en lugar diferente del pactado inicialmente, previa aceptaci\u00f3n de Ade Elevation S.L.U implica un cargo adicional de 50\u20ac. Es imprescindible presentar una copia del contrato y las llaves del veh\u00edculo para cualquier cambio o devoluci\u00f3n. Un retraso en la devoluci\u00f3n del veh\u00edculo sin previo aviso a la tienda de Ade Elevation S.L.U donde se alquil\u00f3, conlleva una multa de 50\u20ac adem\u00e1s del precio de los d\u00edas extras de alquiler.<\/p><p>2.7 \u00danicamente se considera el servicio terminado una vez que el veh\u00edculo y las llaves del mismo hayan sido entregadas a la tienda de alquiler de Ade Elevation S.L.U y bajo las condiciones estipuladas en el contrato.<\/p><p><strong>\u00a0\u00a0\u00a0\u00a0 3. PAGOS<\/strong><\/p><p>3.1 El Cliente se compromete a pagar a Ade Elevation S.L.U :<\/p><p>\u00a0\u00a0\u00a0\u00a0 a) La cantidad resultante de la aplicaci\u00f3n de la Tarifa General Vigente y el precio inicial pactado en el contrato de alquiler seg\u00fan la tarifa seleccionada, correspondiente a duraci\u00f3n, seguros adicionales, equipamiento adicional y servicios complementarios, seg\u00fan las condiciones estipuladas, as\u00ed como los impuestos y tasas aplicables.<\/p><p>\u00a0\u00a0\u00a0\u00a0 b) la cantidad correspondiente a las multas o sanciones correspondientes a cualquier infracci\u00f3n de la legislaci\u00f3n vigente , en que pudiera incurrir el Cliente derivado del uso de veh\u00edculo objeto del contrato de alquiler, as\u00ed como los recargos correspondientes por el retraso en el pago por parte del Cliente y los gastos judiciales o extrajudiciales en los que hubiera podido incurrir el Ade Elevation S.L. como consecuencia de lo anterior. En caso de multa, se proceder\u00e1 al cobro de 30\u20ac al cliente por las gestiones administrativas correspondientes que se le cargar\u00e1 directamente en la tarjeta de cr\u00e9dito del cliente.<\/p><p>\u00a0\u00a0\u00a0\u00a0 c) La cantidad de 50\u20ac si un empleado de Ade Elevation S.L.U. debe desplazarse a un dep\u00f3sito municipal para recuperar el veh\u00edculo que fui retirado por responsabilidad del Cliente. As\u00ed mismo ser\u00e1 tambi\u00e9n responsable del pago de la multa derivada impuesta por las autoridades locales que se cargar\u00e1 directamente en la tarjeta de cr\u00e9dito del cliente.<\/p><p>\u00a0\u00a0\u00a0\u00a0 d) El importe que pudiera derivarse por cualquier circunstancia causando el Cliente perjuicios a terceros o a Ade Elevation S.L.U. En el supuesto de que estuviera asegurado, cuando Ade Elevation S.L.U perciba de la aseguradora el importe del perjuicio o da\u00f1o lo devolver\u00e1 al cliente lo que le hubiera cobrado por tal concepto.<\/p><p><b><span style=\"font-size: large;\">3. pagos uso y condiciones<\/span><\/b><\/p><p>3.2 El pago de los importes rese\u00f1ados en el apartado 3.1 anterior deber\u00e1 ser realizado en met\u00e1lico o con tarjeta de cr\u00e9dito. Los importes adicionales se podr\u00e1n cobrar directamente de la fianza, Ade Elevation cargar\u00e1 el exceso en la cuenta de la tarjeta de cr\u00e9dito del cliente. Si el cliente no paga en 24h. Ade Elevation S.L.U podr\u00e1 deducir dicho pago de la fianza y reclamarlos por v\u00eda judicial o extrajudicial sin m\u00e1s tr\u00e1mite previo. El cliente autoriza dicha operaci\u00f3n mediante la firma del presente contrato<\/p><p>3.4 Bicicletas, patinetes, scooters el\u00e9ctricos para personas mayores\u00a0deben respetar las normativas vigentes en tema de seguridad vial y deber\u00e1\u00a0llevar el chaleco reflectante en el caso de las patinetes y bicicletas con las luces encendidas y los cascos ofrecidos gratuitamente por nuestra empresa dichos elementos gratuitos disponibles en nuestras tiendas, el usuario\/cliente es el \u00fanico responsable de no utilizar los elementos reflectantes o de seguridad como el casco, cualquier accidente, ca\u00edda fortuita, provocada o accidental, da\u00f1os a terceros o mobiliario urbano el\/ella ser\u00e1 el \u00fanico responsable de responder delante las autoridades competentes.<\/p><p>3.5 Los pinchazos en las bicicletas, scooters de movilidad reducida, patinetes est\u00e1n exemptos de asistencia en carretera y se cobrar\u00e1\u00a0la reposici\u00f3n de la c\u00e1mara y del neum\u00e1tico. Deber\u00e1n\u00a0regresar a la tienda por sus propios medios, abonar el material y la reposici\u00f3n.<\/p><p>3.6 En caso de enviar un veh\u00edculo les ser\u00e1 facturado 50\u20ac en concepto de rescate aparte de la reposici\u00f3n.<\/p><p>\u00a0 \u00a0 \u00a0 \u00a04<strong>.\u00a0 ROBO, P\u00c9RDIDA Y DA\u00d1OS (bicicletas, patinetes, scooter pmr, materiales)<\/strong><\/p><p>4.1 El precio de alquiler no incluye el seguro de robo, p\u00e9rdida rotura total o parcial, da\u00f1os (o cualquier otro perjuicio) sufridos y deber\u00e1 responder pagando la reposici\u00f3n o la reparaci\u00f3n.<\/p><p>4.2 Los scooters el\u00e9ctricos PMR, bicicletas, patinetes el\u00e9ctricos o materiales alquilados, neveras, aire acondicionados\u00a0y m\u00e1s materiales, el cliente\/usuario deber\u00e1\u00a0responder con su propio seguro de responsabilidad civil en caso de causar\u00a0cualquier da\u00f1o a terceras personas, mobiliario en la v\u00eda p\u00fablica, establecimientos u\u00a0otros siendo el \u00fanico responsable del uso y manejo.<\/p><p>\u00a0\u00a0\u00a0\u00a0\u00a0\u00a0\u00a0<strong>5. ASISTENCIA PARA ALQUILER DE COCHES<\/strong><\/p><p>5.1 En caso de que el veh\u00edculo no se pueda conducir m\u00e1s, o no se pueda arrancar, el Cliente ha de llamar a la compa\u00f1\u00eda de asistencia en carretera concertada por Ade Elevation S.L.U.<\/p><p>5.2 El servicio de asistencia en carretera concertado est\u00e1 incluido en el precio del alquiler y cubre una distancia de hasta 100 km desde la tienda donde se alquila el veh\u00edculo. Para asistencia fuera de este radio, el coste de la misma correr\u00e1 a cargo del Cliente. El Cliente acepta no abandonar el veh\u00edculo hasta que no llegue la gr\u00faa para llevarlo hasta la tienda Ade Elevation S.L.U donde se alquil\u00f3.<\/p><p>5.3 El importe de 180\u20ac o m\u00e1s\u00a0seg\u00fan\u00a0el modelo de vehiculo se cobrar\u00e1 al Cliente en el caso de uso no adecuado del servicio de asistencia en carretera: perdida o rotura de llaves o cascos, falta de combustible o repostaje de combustible no adecuado, rescate de veh\u00edculos en lugares o v\u00edas no aptas para la conducci\u00f3n o no pavimentadas, o cualquier otro error, negligencia o mal uso del veh\u00edculo por parte del Cliente.<\/p><p>5.4 No existe la posibilidad de veh\u00edculo de sustituci\u00f3n.<\/p><p>5.5 Al cliente no se le llevara ningun vehiculo de sustituci\u00f3n en el lugar de la aver\u00eda, accidente u otro, sino que deber\u00e1 esperar el servicio de asistencia en carretera, empresa privada contratada por Ade Elevation S.L.U en la p\u00f3liza de seguros de flota, para que lleven la scooter y el cliente hasta nuestras instalaciones.<\/p><p>5.6 En caso de aver\u00edas, accidente el cliente no podr\u00e1 extender ni ofreceremos ninguna hora\/ d\u00eda extra por haber esperado el servicio de asistencia en carretera, est\u00e1n excluidos los pagos de taxis o otros elementos que el cliente hubiera utilizado para volver a nuestras instalaciones o a su lugar de residencia, hotel, por no haber utilizado el servicio de asistencia en carretera disponible las 24H donde el tel\u00e9fono de la misma aparece en el contrato de arrendamiento.<\/p><p>5.7 La empresa no se har\u00e1 cargo del reembolso de taxi u otros importes de transporte hacia el lugar de residencia del cliente o hasta nuestras instalaciones en caso de aver\u00edas, robos, pinchazos o accidentes.<\/p><p>5.8 En caso de p\u00e9rdidas, roturas o robos de sus pertenencias incluido en el recinto de uno de nuestros establecimientos la empresa no se hace responsable ni procede a ning\u00fan\u00a0reembolso.<\/p><p><strong>\u00a0\u00a0\u00a0\u00a0\u00a0\u00a0 6. MANTENIMIENTO Y REPARACIONES<\/strong><\/p><p>6.1 El Cliente\u00a0<strong>no est\u00e1 autorizado<\/strong>\u00a0a ordenar la reparaci\u00f3n del veh\u00edculo, salvo autorizaci\u00f3n expresa por parte de Ade Elevation S.L.U y haber recibido la confirmaci\u00f3n por escrito de parte de nuestra empresa.<\/p><p>6.2 Es obligaci\u00f3n del cliente detener el veh\u00edculo, bicicleta o cualquier otro veh\u00edculo de nuestra empresa cuando se detectan alguna anomal\u00eda de funcionamiento en caso contrario el cliente se har\u00e1 cargo de las reparaciones. El cliente deber\u00e1 contactar con Ade Elevation.<\/p><p>6.3.1 El Cliente no tiene derecho de veh\u00edculo de sustituci\u00f3n durante el tiempo de la revisi\u00f3n o reparaci\u00f3n mec\u00e1nica.<\/p><p>\u00a0\u00a0\u00a0\u00a0\u00a0\u00a0\u00a0<strong>7. SILLAS DE COCHES.<\/strong><\/p><p>7.1 La empresa por tema de seguridad no instala ninguna silla de autos convencional o isofix, el cliente es el encargado de instalar el material y est\u00e1 bajo su responsabilidad el buen funcionamiento.<\/p><p>\u00a0\u00a0\u00a0\u00a0\u00a0\u00a0\u00a0<strong>8. COCHES: ACCIDENTES MANTENIMIENTO Y REPARACIONES.<\/strong><\/p><p>8.1 En caso de accidente con el coche el cliente deber\u00e1 presentar en la tienda donde lo alquil\u00f3, la declaraci\u00f3n amistosa de accidente ( formulario azul que se encuentra dentro del asiento del veh\u00edculo con el resto de documentos) debidamente cumplimentado por las dos partes involucradas en el plazo m\u00e1ximo de 48 horas desde la fecha en que tuviera lugar el accidente, salvo situaciones de fuerza mayor justificada, en todo caso siempre antes de finalizar el periodo de alquiler del veh\u00edculo. No se aceptan reportes de incidentes incompletos o ilegibles y en caso de que as\u00ed sea, pasar\u00e1 a ser responsabilidad del Cliente el pago de los da\u00f1os sufridos en el veh\u00edculo.<\/p><p>8.2 La no entrega por parte del Cliente a Ade Elevation de la declaraci\u00f3n de accidente, implica un cargo m\u00ednimo de 50\u20ac cualquiera que sea el valor de los da\u00f1os que presente el veh\u00edculo en el momento de su devoluci\u00f3n, cuyo importe en todo caso podr\u00e1 facturar Ade Elevation. En todo caso se retendr\u00e1 la fianza al Cliente hasta que no se haya aclarado qu\u00e9 parte es responsable en el accidente y por tanto, quien se hace cargo de los da\u00f1os del veh\u00edculo de Ade Elevation.<\/p><p>8.3 Si en caso de accidente, el veh\u00edculo no es apto para la conducci\u00f3n, Ade Elevation lo va a retener hasta la finalizaci\u00f3n de los tr\u00e1mites de peritaje. En este caso, el cliente no tiene derecho a veh\u00edculo de sustituci\u00f3n.<\/p><p>8.4 Est\u00e1 formalmente prohibido reparar, realizar el mantenimiento por su cuenta o llevar nuestros veh\u00edculos tanto de gasolina como el\u00e9ctricos a otro taller, para cualquier reparaci\u00f3n, aver\u00edas o mantenimiento llevar la moto en nuestro taller mec\u00e1nico ubicado en\u00a0<a href=\"https:\/\/www.google.es\/search?q=mister%20scooter&amp;sxsrf=AJOqlzW4xXk4Mv5ERsjgZFaJxbvr2oWGog:1674217434463&amp;source=hp&amp;ei=14fKY8WFLY6XhbIP-4S04AU&amp;iflsig=AK50M_UAAAAAY8qV54t2lgjI-tcTOKEjh-Twc6A3nfcD&amp;oq=&amp;gs_lcp=Cgdnd3Mtd2l6EAEYADIHCCMQ6gIQJzIHCCMQ6gIQJzIHCCMQ6gIQJzIHCCMQ6gIQJzIHCCMQ6gIQJzIHCCMQ6gIQJzIHCCMQ6gIQJzIHCCMQ6gIQJzINCC4QxwEQrwEQ6gIQJzIHCCMQ6gIQJ0oECFAYAVAAWABglwhoAXAAeACAAQCIAQCSAQCYAQCwAQo&amp;sclient=gws-wiz&amp;tbs=lf:1,lf_ui:2&amp;tbm=lcl&amp;rflfq=1&amp;num=10&amp;rldimm=1036289229032120649&amp;lqi=Cg5taXN0ZXIgc2Nvb3Rlckiv88-W7qqAgAhaIBAAEAEYABgBIg5taXN0ZXIgc2Nvb3RlcioGCAIQABABkgEYbW90b3JjeWNsZV9yZW50YWxfYWdlbmN5qgEiEAEaHhABIhq4yJUi2qOPj8sNHKrNJ8s1sCQyxZ0Ie3AowQ&amp;ved=2ahUKEwiFytT7kdb8AhUiJcUKHcZBAbIQvS56BAhXEAE&amp;sa=X&amp;rlst=f#rlfi=hd:;si:1036289229032120649,l,Cg5taXN0ZXIgc2Nvb3Rlckiv88-W7qqAgAhaIBAAEAEYABgBIg5taXN0ZXIgc2Nvb3RlcioGCAIQABABkgEYbW90b3JjeWNsZV9yZW50YWxfYWdlbmN5qgEiEAEaHhABIhq4yJUi2qOPj8sNHKrNJ8s1sCQyxZ0Ie3AowQ;mv:[[39.5798645,2.7332511999999998],[39.5443275,2.6475793999999997]];tbs:lrf:!1m4!1u3!2m2!3m1!1e1!1m4!1u2!2m2!2m1!1e1!2m1!1e2!2m1!1e3!3sIAE,lf:1,lf_ui:2\" target=\"_blank\" rel=\"noopener\" data-saferedirecturl=\"https:\/\/www.google.com\/url?q=https:\/\/www.google.es\/search?q%3Dmister%2520scooter%26sxsrf%3DAJOqlzW4xXk4Mv5ERsjgZFaJxbvr2oWGog:1674217434463%26source%3Dhp%26ei%3D14fKY8WFLY6XhbIP-4S04AU%26iflsig%3DAK50M_UAAAAAY8qV54t2lgjI-tcTOKEjh-Twc6A3nfcD%26oq%3D%26gs_lcp%3DCgdnd3Mtd2l6EAEYADIHCCMQ6gIQJzIHCCMQ6gIQJzIHCCMQ6gIQJzIHCCMQ6gIQJzIHCCMQ6gIQJzIHCCMQ6gIQJzIHCCMQ6gIQJzIHCCMQ6gIQJzINCC4QxwEQrwEQ6gIQJzIHCCMQ6gIQJ0oECFAYAVAAWABglwhoAXAAeACAAQCIAQCSAQCYAQCwAQo%26sclient%3Dgws-wiz%26tbs%3Dlf:1,lf_ui:2%26tbm%3Dlcl%26rflfq%3D1%26num%3D10%26rldimm%3D1036289229032120649%26lqi%3DCg5taXN0ZXIgc2Nvb3Rlckiv88-W7qqAgAhaIBAAEAEYABgBIg5taXN0ZXIgc2Nvb3RlcioGCAIQABABkgEYbW90b3JjeWNsZV9yZW50YWxfYWdlbmN5qgEiEAEaHhABIhq4yJUi2qOPj8sNHKrNJ8s1sCQyxZ0Ie3AowQ%26ved%3D2ahUKEwiFytT7kdb8AhUiJcUKHcZBAbIQvS56BAhXEAE%26sa%3DX%26rlst%3Df%23rlfi%3Dhd:;si:1036289229032120649,l,Cg5taXN0ZXIgc2Nvb3Rlckiv88-W7qqAgAhaIBAAEAEYABgBIg5taXN0ZXIgc2Nvb3RlcioGCAIQABABkgEYbW90b3JjeWNsZV9yZW50YWxfYWdlbmN5qgEiEAEaHhABIhq4yJUi2qOPj8sNHKrNJ8s1sCQyxZ0Ie3AowQ;mv:%5B%5B39.5798645,2.7332511999999998%5D,%5B39.5443275,2.6475793999999997%5D%5D;tbs:lrf:!1m4!1u3!2m2!3m1!1e1!1m4!1u2!2m2!2m1!1e1!2m1!1e2!2m1!1e3!3sIAE,lf:1,lf_ui:2&amp;source=gmail&amp;ust=1702914263811000&amp;usg=AOvVaw1sZS68HB_7vS2SlLGLGpm_\">Calle Manacor 123, 07007 Palma de mallorca<\/a>, la direcci\u00f3n aparece en el mismo contrato de alquiler.<\/p><p>\u00a0\u00a0\u00a0\u00a0\u00a0<strong>9. MODIFICACIONES DEL CONTRATO DE ALQUILER.<\/strong><\/p><p>9.1 Las presentes condiciones generales, as\u00ed como las restantes cl\u00e1usulas del contrato de alquiler, s\u00f3lo podr\u00e1n ser modificadas mediante acuerdo escrito firmado por ambas partes.<\/p><p><strong>\u00a0\u00a0\u00a0\u00a0 10. TRATAMIENTO INFORM\u00c1TICO DE LOS DATOS PERSONALES<\/strong><\/p><p>10.1 El cliente autoriza el tratamiento automatizado de los datos personales recogidos en este contrato, necesario para la presentaci\u00f3n del servicio pactado, as\u00ed como para la oferta y contrataci\u00f3n de otros productos y otros servicios de Ade Elevation. Se pone en conocimiento del Cliente el derecho de acceder, rectificar y en caso, cancelar sus datos personales mediante correo electr\u00f3nico\u00a0<a href=\"mailto:ade.elevation@gmail.com\" target=\"_blank\" rel=\"noopener\">ade.elevation@gmail.com<\/a>\u00a0Asimismo el Cliente presta su consentimiento para que Ade Elevation ceda sus datos a empresas del grupo, a sus franquiciadas o a otras con la que Ade Elevation concluya acuerdos de colaboraci\u00f3n para la mejor prestaci\u00f3n del servicio de alquiler de veh\u00edculos, radicados en Espa\u00f1a, respetando la legislaci\u00f3n Espa\u00f1ola sobre protecci\u00f3n de los datos de car\u00e1cter personal.<\/p><p><strong>\u00a0\u00a0\u00a0\u00a0 11. LEGISLACI\u00d3N Y JURISDICCI\u00d3N APLICABLES.<\/strong><\/p><p>11.1 El presente contrato se regir\u00e1 y ser\u00e1 interpretado de acuerdo con las leyes espa\u00f1olas.<\/p><p>11.2 Las cuestiones que se susciten con motivo de este contrato entre Ade Elevation y el Cliente son de la competencia de los tribunales y juzgados espa\u00f1oles correspondientes a la ciudad donde se firm\u00f3 el contrato, a los que ambas partes se someten.<\/p><p>11.3 Rent Express Mallorca es el nombre comercial que utiliza Ade Elevation S.L.U con el CIF B 57654667 para promocionar su actividad en alquiler de materiales, veh\u00edculos u otros en la p\u00e1gina web.<\/p><p>11.4 La empresa en adelante ADE Elevation SLU nombre comercial Rent Express Mallorca no se hace cargo de ning\u00fan desperfecto en la devoluci\u00f3n da\u00f1os o robo.<\/p><p>11.5 El cliente es responsable\u00a0tanto del material alquilado como de sus pertenencias y deber\u00e1\u00a0responder en caso de robos, extrav\u00edos o\u00a0p\u00e9rdida del material alquilado abonando el valor del material.<\/p><p><strong>12. SERVICIO DE ENTREGA\u00a0 AL\u00a0<\/strong><strong>AEROPUERTO DE MATERIALES EN ALQUILER<\/strong><\/p><p>12.1 El servicio de entrega para los materiales como sillas de coches, u otros con entregas en el aeropuerto se efect\u00faa desde nuestra oficina de la\u00a0<strong>calle Manacor 123, 07007 Palma de Mallorca<\/strong>. No se realizar\u00e1 ning\u00fan reembolso\u00a0por tardanza por parte de nuestro servicio de entrega.\u00a0<\/p><p>12.2 Las entregas a hoteles deben estar abonadas previamente en un plazo m\u00ednimo de 48h con el envi\u00f3 del justificante de pago por transferencia bancaria por parte del cliente ; <a href=\"mailto:ade.elevation@gmail.com\">ade.elevation@gmail.com<\/a><\/p><p><strong>13. Fianza<\/strong><\/p><p>13.1 El cliente deber\u00e1 abonar una fianza seg\u00fan el valor del material alquilado se trata un tr\u00e1mite obligatorio, sin ello no se puede proceder al contratar teniendo o no una reserva pagada. No se devuelve la reserva ni se entrega el material en caso de que el cliente se opone al pago de la fianza.<\/p><p>13.2 Se realiza por tarjeta bancaria de debito\/credito no en efectivo, al existir alg\u00fan tipo de desperfectos se les cobrar\u00e1n el importe y si supera el importe de la fianza se les cobrar\u00e1 directamente de la tarjeta bancaria que se nos facilit\u00f3 el cliente.<\/p><p>13.3 Las fianzas por tarjetas bancarias se denominan \u00ab\u00a0Pre autorizaci\u00f3n\u00a0\u00bb, se realiza un bloqueo por el importe de la fianza en funci\u00f3n del articulo material o vehiculo alquilado. El importe est\u00e1 retenido por el propio banco emisor y se desbloquea autom\u00e1ticamente por el banco que es el \u00fanico encargado de desbloquear en el tiempo estipulado en el art\u00edculo 13.4.<\/p><p>13.4 Duraci\u00f3n del bloqueo aproximadamente 2\/3 semanas siendo un banco espa\u00f1ol si su banco se ubica al extranjero se puede demorar. Devoluci\u00f3n de la fianza, las fianzas se realizan por tarjeta bancaria al ser una pre-autorizaci\u00f3n y al tratarse \u00fanicamente de una retenci\u00f3n en su cuenta, el importe se desbloquea autom\u00e1ticamente por el sistema bancario. ADE ELEVATION SLU no desbloquea las operaciones de pre autorizaci\u00f3n siendo el mismo banco el encargado de realizar el desbloqueo la duraci\u00f3n para desbloquear la fianza es de aproximadamente 2\/3 semanas desde la fecha de emisi\u00f3n de la operaci\u00f3n del tramite.<\/p><p><strong>14. pol\u00edtica de cancelaci\u00f3n de reservas\u00a0<\/strong><\/p><p>14.1 Si la cancelaci\u00f3n se realiza con un preaviso de m\u00e1s de 48 horas, se reembolsa el 100% del importe abonado en la reserva, las cancelaciones\u00a0 se deben enviar \u00fanicamente por correo electr\u00f3nico: <a href=\"mailto:ade.elevation@gmail.com\" target=\"_blank\" rel=\"noopener\">ade.elevation@gmail.com<\/a> no se aceptar\u00e1n llamadas telef\u00f3nicas, ni SMS, ni WhatsApp para cancelar una reserva.\u00a0<\/p><p>14.2 No se admiten cancelaciones para preavisos inferiores a 48 horas.<\/p><p>14.3 Si la cancelaci\u00f3n de la reserva se produce sin preaviso no se har\u00e1 ninguna devoluci\u00f3n.<\/p><p>14.4 Ade Elevation S.L. no es responsable de las condiciones clim\u00e1ticas y no se devuelve ning\u00fan importe aunque sea parcial por mal tiempo u otras condiciones clim\u00e1ticas.<\/p><p>14.5 No aseguramos la entrega a domicilio, hoteles o aeropuerto de los materiales si las reservas no est\u00e1n pagadas por anticipado y en un plazo\u00a0 m\u00ednimo de 72h antes de la llegada del cliente, las cancelaciones se deben avisar en un m\u00ednimo de 48 horas de antelaci\u00f3n a fechas y horario de llegada.<\/p><p>14.6 La empresa se reserva el derecho en cancelar la reserva, si el conductor no presenta las condiciones necesarias para conducir, la edad m\u00ednima de 21 a\u00f1os y la documentaci\u00f3n solicitada como DNI, Pasaporte, Nie, Carnet de conducir en vigor, tarjeta bancaria de cr\u00e9dito y que no este apto para conducir nuestras scooters o sin experiencia ser\u00e1 suficiente motivo de cancelaci\u00f3n.\u00a0<\/p><p>14.7 No presentarse en un plazo de 3 horas a la contratada por nuestro sistema de reservas en l\u00ednea email o whatsap y sin aviso previo del cliente ser\u00e1 motivo de cancelaci\u00f3n.\u00a0<\/p><p><strong>15 Motivos cancelaci\u00f3n in situ del alquiler de coche\u00a0<\/strong><\/p><p>15.1 La empresa Ade Elevation se reserva el derecho en cancelar la reserva en el mismo instante si el cliente no est\u00e1 en condiciones de conducir o su comportamiento presenta un peligro para los dem\u00e1s o por si mismo, Si tiene agresividad sobre nuestro personal como insultos, coacciones, agresi\u00f3n verbal o f\u00edsica, o si est\u00e1 bajo sustancias que no son aptas para conducir, ser\u00e1n motivos suficientes para cancelar la reserva aunque haya sido pagada y reservada no se proceder\u00e1 a la devoluci\u00f3n del alquiler ni del servicio de entrega.<\/p><p>15.2 Se reserva el derecho de no alquilar veh\u00edculos a aquellos clientes que vulneren alguna de las condiciones u obligaciones establecidas en el presente documento.<\/p><p>Igualmente, Ade Elevation SLU se reserva el derecho a no alquilar el veh\u00edculo o material en caso de dudas fundadas sobre la posibilidad de incumplimiento de las obligaciones de este contrato, por antecedentes de impagos o incidentes por parte del cliente.<\/p><p><strong>16 Devoluci\u00f3n anticipada\u00a0<\/strong><\/p><p>16.1 En caso de devoluci\u00f3n anticipada del veh\u00edculo o material alquilado, Ade Elevation S.L.U. con nombre comercial Rent express Mallorca no aplicar\u00e1 ninguna penalizaci\u00f3n al titular del contrato. Asimismo, no realizar\u00e1 el reembolso por d\u00edas no usados, as\u00ed como de los extras contratados por los d\u00edas no usados.<\/p><p><strong>17 Entrega del veh\u00edculo aeropuerto\/hoteles sin presencia.<\/strong><\/p><p>17.1 Entregas de coches al aeropuerto, hoteles, se requiere obligatoriamente una serie de documentos que el cliente debe enviar por email u otros v\u00edas que la empresa le facilitara, en caso de no recibir los documentos necesarios a ello, Ade Elevation SLU no realizar\u00e1 ninguna entrega ni se proceder\u00e1 a la devoluci\u00f3n del importe abonado.<\/p><p><strong>18 Localizaci\u00f3n GPS\u00a0<\/strong><\/p><p>18.1 Algunos de nuestros veh\u00edculos est\u00e1n equipados de un sistema de localizaci\u00f3n GPS, Airtag u otros dispositivos de control de flota.<\/p><p>18.2 El localizador GPS recoge \u00fanicamente informaci\u00f3n sobre el movimiento y localizaci\u00f3n del veh\u00edculo.<\/p><p>18.3 Est\u00e1 formalmente prohibido desconectar el localizador GPS siendo un medio de localizaci\u00f3n de veh\u00edculos evitando robos y no con otros fines.<\/p><p>18.4 En caso de desenchufar o desconectar el localizador les ser\u00e1 cobrado la reposici\u00f3n por un importe de 70\u20ac.<\/p><p><strong>19 Fotograf\u00edas de los art\u00edculos en la pagina web<\/strong><\/p><p>Las im\u00e1genes son puramente ilustrativas y Ade Elevation se reserva el derecho en cambiar y alquilar el articulo por otro de igual valor o diferente color sin ningun reembolso al cliente.<\/p><p><strong>Videovigilancia. <\/strong><\/p><p>En algunos locales se captan im\u00e1genes con los \u00fanicos fines indicados <br \/>en el apartado de finalidades de la presente pol\u00edtica de privacidad y\/o a petici\u00f3n de <br \/>autoridades p\u00fablicas. <br \/>Disponemos de circular informativa a petici\u00f3n de los interesados que la soliciten y de un <br \/>logo de zona videovigilada ubicado en lugar previo a la c\u00e1mara y suficientemente visible <br \/>que informa que el lugar es un establecimiento videovigilado. <br \/>Las im\u00e1genes captadas por las c\u00e1maras se limitar\u00e1n al establecimiento p\u00fablico de que <br \/>se trate. No se captar\u00e1n im\u00e1genes de la v\u00eda p\u00fablica a excepci\u00f3n de una franja m\u00ednima de <br \/>los accesos al establecimiento. <br \/>El sistema de grabaci\u00f3n se ubicar\u00e1 en un lugar vigilado o de acceso restringido. A las <br \/>im\u00e1genes obtenidas acceder\u00e1 s\u00f3lo la persona autorizada y ser\u00e1n conservadas durante <br \/>un plazo m\u00e1ximo de un mes desde su captaci\u00f3n.<\/p><div>\u00a0<\/div>\t\t\t\t\t\t<\/div>\n\t\t\t\t<\/div>\n\t\t\t\t\t<\/div>\n\t\t\t\t<\/div>\n\t\t\t\t<\/div>\n\t\t","protected":false},"excerpt":{"rendered":"<p>El sitio web\u00a0Rent Express Mallorca\u00a0 alquiler de art\u00edculos variados, alquiler de equipamientos para personas con movilidad reducida, coches y motos en Mallorca (en adelante, el \u201cSitio Web\u201d) es propiedad de la empresa ADE ELEVATION S.L.U ADE ELEVATION S.L.U\u00a0garantiza la protecci\u00f3n de todos los datos de car\u00e1cter personal que el Usuario proporcione en el Sitio Web [&hellip;]<\/p>\n","protected":false},"author":3,"featured_media":0,"parent":0,"menu_order":0,"comment_status":"closed","ping_status":"closed","template":"","meta":{"site-sidebar-layout":"no-sidebar","site-content-layout":"","ast-site-content-layout":"full-width-container","site-content-style":"default","site-sidebar-style":"default","ast-global-header-display":"","ast-banner-title-visibility":"","ast-main-header-display":"","ast-hfb-above-header-display":"","ast-hfb-below-header-display":"","ast-hfb-mobile-header-display":"","site-post-title":"disabled","ast-breadcrumbs-content":"","ast-featured-img":"disabled","footer-sml-layout":"","ast-disable-related-posts":"","theme-transparent-header-meta":"","adv-header-id-meta":"","stick-header-meta":"","header-above-stick-meta":"","header-main-stick-meta":"","header-below-stick-meta":"","astra-migrate-meta-layouts":"default","ast-page-background-enabled":"default","ast-page-background-meta":{"desktop":{"background-color":"var(--ast-global-color-4)","background-image":"","background-repeat":"repeat","background-position":"center center","background-size":"auto","background-attachment":"scroll","background-type":"","background-media":"","overlay-type":"","overlay-color":"","overlay-opacity":"","overlay-gradient":""},"tablet":{"background-color":"","background-image":"","background-repeat":"repeat","background-position":"center center","background-size":"auto","background-attachment":"scroll","background-type":"","background-media":"","overlay-type":"","overlay-color":"","overlay-opacity":"","overlay-gradient":""},"mobile":{"background-color":"","background-image":"","background-repeat":"repeat","background-position":"center center","background-size":"auto","background-attachment":"scroll","background-type":"","background-media":"","overlay-type":"","overlay-color":"","overlay-opacity":"","overlay-gradient":""}},"ast-content-background-meta":{"desktop":{"background-color":"var(--ast-global-color-5)","background-image":"","background-repeat":"repeat","background-position":"center center","background-size":"auto","background-attachment":"scroll","background-type":"","background-media":"","overlay-type":"","overlay-color":"","overlay-opacity":"","overlay-gradient":""},"tablet":{"background-color":"var(--ast-global-color-5)","background-image":"","background-repeat":"repeat","background-position":"center center","background-size":"auto","background-attachment":"scroll","background-type":"","background-media":"","overlay-type":"","overlay-color":"","overlay-opacity":"","overlay-gradient":""},"mobile":{"background-color":"var(--ast-global-color-5)","background-image":"","background-repeat":"repeat","background-position":"center center","background-size":"auto","background-attachment":"scroll","background-type":"","background-media":"","overlay-type":"","overlay-color":"","overlay-opacity":"","overlay-gradient":""}},"footnotes":""},"class_list":["post-23056","page","type-page","status-publish","hentry"],"_links":{"self":[{"href":"https:\/\/rentexpressmallorca.com\/fr\/wp-json\/wp\/v2\/pages\/23056","targetHints":{"allow":["GET"]}}],"collection":[{"href":"https:\/\/rentexpressmallorca.com\/fr\/wp-json\/wp\/v2\/pages"}],"about":[{"href":"https:\/\/rentexpressmallorca.com\/fr\/wp-json\/wp\/v2\/types\/page"}],"author":[{"embeddable":true,"href":"https:\/\/rentexpressmallorca.com\/fr\/wp-json\/wp\/v2\/users\/3"}],"replies":[{"embeddable":true,"href":"https:\/\/rentexpressmallorca.com\/fr\/wp-json\/wp\/v2\/comments?post=23056"}],"version-history":[{"count":4,"href":"https:\/\/rentexpressmallorca.com\/fr\/wp-json\/wp\/v2\/pages\/23056\/revisions"}],"predecessor-version":[{"id":28109,"href":"https:\/\/rentexpressmallorca.com\/fr\/wp-json\/wp\/v2\/pages\/23056\/revisions\/28109"}],"wp:attachment":[{"href":"https:\/\/rentexpressmallorca.com\/fr\/wp-json\/wp\/v2\/media?parent=23056"}],"curies":[{"name":"wp","href":"https:\/\/api.w.org\/{rel}","templated":true}]}}